{"id":459,"date":"2022-05-03T17:04:22","date_gmt":"2022-05-03T15:04:22","guid":{"rendered":"https:\/\/v3.laroutedesgourmets.fr\/?post_type=product&#038;p=459"},"modified":"2024-04-11T18:28:51","modified_gmt":"2024-04-11T16:28:51","slug":"visita-de-provins-ciudad-medieval","status":"publish","type":"product","link":"https:\/\/laroutedesgourmets.fr\/es\/excursiones-alrededor-de-paris\/visita-de-provins-ciudad-medieval\/","title":{"rendered":"Visita de Provins ciudad medieval"},"content":{"rendered":"<h2>Paseo hist\u00f3rico guiado: Provins y la gastronom\u00eda de la Edad Media<\/h2>\n<p>Declarada Patrimonio Mundial de la UNESCO en 2001, Provins es una de las ciudades medievales mejor preservadas de Europa: antigua capital de los Condes de Champagne recib\u00eda entre sus murallas las ferias comerciales de los siglos 12 y 13.\u00a0 Nuestra visita guiada y privada por Provins lo trasladar\u00e1 en un largo viaje en el tiempo para admirar el esplendor de la Edad Media.<\/p>\n<p>Cultural y l\u00fadico, este circuito con salida de Par\u00eds es adaptado para todo p\u00fablico.<\/p>\n<p>Nuestro gu\u00eda biling\u00fce especialista en historia y gastronom\u00eda le presentar\u00e1 las especialidades regionales, de Provins como sus rosas conocidas por sus propiedades medicinales y utilizadas en la alta reposter\u00eda.<\/p>\n<p>Este paseo guiado y original por Provins combina la historia y la gastronom\u00eda francesas de la Edad Media. Nuestro servicio de gu\u00eda y transporte privado le garantizan la calidad de la prestaci\u00f3n para que usted disfrute plenamente del patrimonio hist\u00f3rico, cultural y gastron\u00f3mica franc\u00e9s.<\/p>\n<h3>El valor agregado de nuestro circuito<\/h3>\n<ul>\n<li>Un paseo ins\u00f3lito: que le har\u00e1 descubrir el patrimonio hist\u00f3rico y cultural franc\u00e9s y su gastronom\u00eda.<\/li>\n<li>Una visita privada con un gu\u00eda biling\u00fce<\/li>\n<li>Un circuito todo incluido, organizado por un solo equipo<\/li>\n<li>Un servicio VIP y actividades a su medida para satisfacer todas sus expectativas (objetivo pedag\u00f3gico, tur\u00edstico o profesional)<\/li>\n<\/ul>\n<h3>El precio incluye<\/h3>\n<ul>\n<li>El transporte entre Par\u00eds\u00a0y Provins en minibus privado, con chofer\u00a0gu\u00eda<\/li>\n<li>El paseo guiado por Provins, la ciudad medieval<\/li>\n<li>El \u00a0acompa\u00f1ante especialista en historia y alimentaci\u00f3n<\/li>\n<li>Las entradas en los siguientes monumentos : La Torre Cesar, la grange aux d\u00eemes ( granejo de los diezmos), las galerias subterraneas y el museo de Provins<\/li>\n<li>Las degustaciones de productors locales (La comida no est\u00e1 incluida)<\/li>\n<\/ul>\n<h3>Informaciones pr\u00e1cticas<\/h3>\n<ul>\n<li><strong>Duraci\u00f3n<\/strong>: 1 d\u00eda, de las 8.30 de la ma\u00f1ana a las 6 de la tarde aproximadamente.<\/li>\n<li><strong>Disponibilidad<\/strong>: todos los d\u00edas<\/li>\n<li><strong>M\u00ednimo de participantes<\/strong>: 4 personas (el tour podr\u00e1 ser realizado con menos participantes pero se aplicar\u00e1 la tarifa de cuatro participantes)<\/li>\n<li><strong>P\u00fablico<\/strong>: circuito adaptado a particulares, estudiantes, y\/o profesionales,&#8230;<\/li>\n<li><strong>Idiomas del gu\u00eda<\/strong>: franc\u00e9s, espa\u00f1ol, ingl\u00e9s (cons\u00faltenos para otras lenguas)<\/li>\n<li><strong>Punto de encuentro<\/strong>: definido al momento de la reservaci\u00f3n<\/li>\n<li><strong>Tarifa de grupo<\/strong>: sobre solicitud previa a partir de 10 personas (cons\u00faltenos <a href=\"mailto:infos@laroutedesgourmets.fr\">infos@laroutedesgourmets.fr<\/a>)<\/li>\n<li><strong>Opcional<\/strong>: reservaci\u00f3n de la comida \u201cmedieval\u201d en un restaurante tradicional<\/li>\n<li><strong>Cup\u00f3n de regalo<\/strong>: Posibilidad de ofrecer esta visita en la forma de cupo de regalo: haga clic en el bot\u00f3n \u201cCOMPRAR SIN FECHA\u201d. Le enviaremos el cup\u00f3n de regalo por email o por correo en Francia (suplemento de 5 \u20ac). Este cup\u00f3n de regalo es v\u00e1lido por una duraci\u00f3n de 6 meses a partir de la fecha de compra<\/li>\n<li><strong>Validez y condiciones de anulaci\u00f3n<\/strong>: Las \u00f3rdenes no se confirman hasta recepci\u00f3n del pago. El reembolso de la prestaci\u00f3n en caso de anulaci\u00f3n es total si la anulaci\u00f3n se realiza con 3 semanas de anticipaci\u00f3n a la fecha de la prestaci\u00f3n, de la mitad si la anulaci\u00f3n se realiza 2 semanas antes de la fecha de la prestaci\u00f3n, ning\u00fan rembolso se realizar\u00e1 a una semana de la prestaci\u00f3n<\/li>\n<\/ul>\n","protected":false},"excerpt":{"rendered":"<p>Saliendo desde Par\u00eds visite la magn\u00edfica ciudad medieval de Provins, su gu\u00eda especializado en historia y gastronom\u00eda lo llevar\u00e1 a descubrir los impresionantes sitios de la ciudad al mismo tiempo que le hace descubrir la\u00a0 gastronom\u00eda de la Edad Media.<\/p>\n","protected":false},"featured_media":8957,"template":"","meta":{"inline_featured_image":false,"neve_meta_sidebar":"","neve_meta_container":"","neve_meta_enable_content_width":"off","neve_meta_content_width":100,"neve_meta_title_alignment":"","neve_meta_author_avatar":"","neve_post_elements_order":"","neve_meta_disable_header":"","neve_meta_disable_footer":"","neve_meta_disable_title":""},"product_brand":[],"product_cat":[1586],"product_tag":[],"class_list":{"0":"post-459","1":"product","2":"type-product","3":"status-publish","4":"has-post-thumbnail","6":"product_cat-excursiones-alrededor-de-paris","8":"first","9":"instock","10":"taxable","11":"shipping-taxable","12":"purchasable","13":"product-type-simple"},"yoast_head":"<!-- This site is optimized with the Yoast SEO Premium plugin v27.4 (Yoast SEO v27.4) - https:\/\/yoast.com\/product\/yoast-seo-premium-wordpress\/ -->\n<title>Visita privada de Provins gu\u00eda y transporte desde Par\u00eds<\/title>\n<meta name=\"description\" content=\"Circuito gastron\u00f3mico ins\u00f3lito y privado en Provins: gourmet tour de lujo a medida sobre la historia de la gastronom\u00eda en Francia con gu\u00eda y transporte\" \/>\n<meta name=\"robots\" content=\"index, follow, max-snippet:-1, max-image-preview:large, max-video-preview:-1\" \/>\n<link rel=\"canonical\" href=\"https:\/\/laroutedesgourmets.fr\/es\/excursiones-alrededor-de-paris\/visita-de-provins-ciudad-medieval\/\" \/>\n<meta property=\"og:locale\" content=\"es_ES\" \/>\n<meta property=\"og:type\" content=\"article\" \/>\n<meta property=\"og:title\" content=\"Visita privada de Provins gu\u00eda y transporte desde Par\u00eds\" \/>\n<meta property=\"og:description\" content=\"Circuito gastron\u00f3mico ins\u00f3lito y privado en Provins: gourmet tour de lujo a medida sobre la historia de la gastronom\u00eda en Francia con gu\u00eda y transporte\" \/>\n<meta property=\"og:url\" content=\"https:\/\/laroutedesgourmets.fr\/es\/excursiones-alrededor-de-paris\/visita-de-provins-ciudad-medieval\/\" \/>\n<meta property=\"og:site_name\" content=\"La Route des Gourmets\" \/>\n<meta property=\"article:publisher\" content=\"http:\/\/www.facebook.com\/laroutedesgourmets\" \/>\n<meta property=\"article:modified_time\" content=\"2024-04-11T16:28:51+00:00\" \/>\n<meta property=\"og:image\" content=\"https:\/\/laroutedesgourmets.fr\/wp-content\/uploads\/2022\/05\/M1-Tour-Cesar-\u00a9-OT-Provins-JC-Jacquin.jpg\" \/>\n\t<meta property=\"og:image:width\" content=\"1800\" \/>\n\t<meta property=\"og:image:height\" content=\"1200\" \/>\n\t<meta property=\"og:image:type\" content=\"image\/jpeg\" \/>\n<meta name=\"twitter:card\" content=\"summary_large_image\" \/>\n<meta name=\"twitter:site\" content=\"@Routedesgourmet\" \/>\n<meta name=\"twitter:label1\" content=\"Tiempo de lectura\" \/>\n\t<meta name=\"twitter:data1\" content=\"5 minutos\" \/>\n<script type=\"application\/ld+json\" class=\"yoast-schema-graph\">{\"@context\":\"https:\\\/\\\/schema.org\",\"@graph\":[{\"@type\":\"WebPage\",\"@id\":\"https:\\\/\\\/laroutedesgourmets.fr\\\/es\\\/excursiones-alrededor-de-paris\\\/visita-de-provins-ciudad-medieval\\\/\",\"url\":\"https:\\\/\\\/laroutedesgourmets.fr\\\/es\\\/excursiones-alrededor-de-paris\\\/visita-de-provins-ciudad-medieval\\\/\",\"name\":\"Visita privada de Provins gu\u00eda y transporte desde Par\u00eds\",\"isPartOf\":{\"@id\":\"https:\\\/\\\/laroutedesgourmets.fr\\\/#website\"},\"primaryImageOfPage\":{\"@id\":\"https:\\\/\\\/laroutedesgourmets.fr\\\/es\\\/excursiones-alrededor-de-paris\\\/visita-de-provins-ciudad-medieval\\\/#primaryimage\"},\"image\":{\"@id\":\"https:\\\/\\\/laroutedesgourmets.fr\\\/es\\\/excursiones-alrededor-de-paris\\\/visita-de-provins-ciudad-medieval\\\/#primaryimage\"},\"thumbnailUrl\":\"https:\\\/\\\/laroutedesgourmets.fr\\\/wp-content\\\/uploads\\\/2022\\\/05\\\/M1-Tour-Cesar-\u00a9-OT-Provins-JC-Jacquin.jpg\",\"datePublished\":\"2022-05-03T15:04:22+00:00\",\"dateModified\":\"2024-04-11T16:28:51+00:00\",\"description\":\"Circuito gastron\u00f3mico ins\u00f3lito y privado en Provins: gourmet tour de lujo a medida sobre la historia de la gastronom\u00eda en Francia con gu\u00eda y transporte\",\"breadcrumb\":{\"@id\":\"https:\\\/\\\/laroutedesgourmets.fr\\\/es\\\/excursiones-alrededor-de-paris\\\/visita-de-provins-ciudad-medieval\\\/#breadcrumb\"},\"inLanguage\":\"es\",\"potentialAction\":[{\"@type\":\"ReadAction\",\"target\":[\"https:\\\/\\\/laroutedesgourmets.fr\\\/es\\\/excursiones-alrededor-de-paris\\\/visita-de-provins-ciudad-medieval\\\/\"]}]},{\"@type\":\"ImageObject\",\"inLanguage\":\"es\",\"@id\":\"https:\\\/\\\/laroutedesgourmets.fr\\\/es\\\/excursiones-alrededor-de-paris\\\/visita-de-provins-ciudad-medieval\\\/#primaryimage\",\"url\":\"https:\\\/\\\/laroutedesgourmets.fr\\\/wp-content\\\/uploads\\\/2022\\\/05\\\/M1-Tour-Cesar-\u00a9-OT-Provins-JC-Jacquin.jpg\",\"contentUrl\":\"https:\\\/\\\/laroutedesgourmets.fr\\\/wp-content\\\/uploads\\\/2022\\\/05\\\/M1-Tour-Cesar-\u00a9-OT-Provins-JC-Jacquin.jpg\",\"width\":1800,\"height\":1200},{\"@type\":\"BreadcrumbList\",\"@id\":\"https:\\\/\\\/laroutedesgourmets.fr\\\/es\\\/excursiones-alrededor-de-paris\\\/visita-de-provins-ciudad-medieval\\\/#breadcrumb\",\"itemListElement\":[{\"@type\":\"ListItem\",\"position\":1,\"name\":\"Visites gourmandes \u00e0 Paris\",\"item\":\"https:\\\/\\\/laroutedesgourmets.fr\\\/visites-guidees\\\/\"},{\"@type\":\"ListItem\",\"position\":2,\"name\":\"Visita de Provins ciudad medieval\"}]},{\"@type\":\"WebSite\",\"@id\":\"https:\\\/\\\/laroutedesgourmets.fr\\\/#website\",\"url\":\"https:\\\/\\\/laroutedesgourmets.fr\\\/\",\"name\":\"La Route des Gourmets\",\"description\":\"Agence de tourisme gastronomique\",\"publisher\":{\"@id\":\"https:\\\/\\\/laroutedesgourmets.fr\\\/#organization\"},\"potentialAction\":[{\"@type\":\"SearchAction\",\"target\":{\"@type\":\"EntryPoint\",\"urlTemplate\":\"https:\\\/\\\/laroutedesgourmets.fr\\\/?s={search_term_string}\"},\"query-input\":{\"@type\":\"PropertyValueSpecification\",\"valueRequired\":true,\"valueName\":\"search_term_string\"}}],\"inLanguage\":\"es\"},{\"@type\":\"Organization\",\"@id\":\"https:\\\/\\\/laroutedesgourmets.fr\\\/#organization\",\"name\":\"La Route des Gourmets\",\"url\":\"https:\\\/\\\/laroutedesgourmets.fr\\\/\",\"logo\":{\"@type\":\"ImageObject\",\"inLanguage\":\"es\",\"@id\":\"https:\\\/\\\/laroutedesgourmets.fr\\\/#\\\/schema\\\/logo\\\/image\\\/\",\"url\":\"https:\\\/\\\/laroutedesgourmets.fr\\\/wp-content\\\/uploads\\\/2023\\\/12\\\/laroutedesgourmets-sigle-cadre-S-b.png\",\"contentUrl\":\"https:\\\/\\\/laroutedesgourmets.fr\\\/wp-content\\\/uploads\\\/2023\\\/12\\\/laroutedesgourmets-sigle-cadre-S-b.png\",\"width\":445,\"height\":445,\"caption\":\"La Route des Gourmets\"},\"image\":{\"@id\":\"https:\\\/\\\/laroutedesgourmets.fr\\\/#\\\/schema\\\/logo\\\/image\\\/\"},\"sameAs\":[\"http:\\\/\\\/www.facebook.com\\\/laroutedesgourmets\",\"https:\\\/\\\/x.com\\\/Routedesgourmet\",\"https:\\\/\\\/www.instagram.com\\\/laroutedesgourmets\"],\"email\":\"infos@laroutedesgourmets.fr\",\"telephone\":\"+33139473279\"}]}<\/script>\n<!-- \/ Yoast SEO Premium plugin. -->","yoast_head_json":{"title":"Visita privada de Provins gu\u00eda y transporte desde Par\u00eds","description":"Circuito gastron\u00f3mico ins\u00f3lito y privado en Provins: gourmet tour de lujo a medida sobre la historia de la gastronom\u00eda en Francia con gu\u00eda y transporte","robots":{"index":"index","follow":"follow","max-snippet":"max-snippet:-1","max-image-preview":"max-image-preview:large","max-video-preview":"max-video-preview:-1"},"canonical":"https:\/\/laroutedesgourmets.fr\/es\/excursiones-alrededor-de-paris\/visita-de-provins-ciudad-medieval\/","og_locale":"es_ES","og_type":"article","og_title":"Visita privada de Provins gu\u00eda y transporte desde Par\u00eds","og_description":"Circuito gastron\u00f3mico ins\u00f3lito y privado en Provins: gourmet tour de lujo a medida sobre la historia de la gastronom\u00eda en Francia con gu\u00eda y transporte","og_url":"https:\/\/laroutedesgourmets.fr\/es\/excursiones-alrededor-de-paris\/visita-de-provins-ciudad-medieval\/","og_site_name":"La Route des Gourmets","article_publisher":"http:\/\/www.facebook.com\/laroutedesgourmets","article_modified_time":"2024-04-11T16:28:51+00:00","og_image":[{"width":1800,"height":1200,"url":"https:\/\/laroutedesgourmets.fr\/wp-content\/uploads\/2022\/05\/M1-Tour-Cesar-\u00a9-OT-Provins-JC-Jacquin.jpg","type":"image\/jpeg"}],"twitter_card":"summary_large_image","twitter_site":"@Routedesgourmet","twitter_misc":{"Tiempo de lectura":"5 minutos"},"schema":{"@context":"https:\/\/schema.org","@graph":[{"@type":"WebPage","@id":"https:\/\/laroutedesgourmets.fr\/es\/excursiones-alrededor-de-paris\/visita-de-provins-ciudad-medieval\/","url":"https:\/\/laroutedesgourmets.fr\/es\/excursiones-alrededor-de-paris\/visita-de-provins-ciudad-medieval\/","name":"Visita privada de Provins gu\u00eda y transporte desde Par\u00eds","isPartOf":{"@id":"https:\/\/laroutedesgourmets.fr\/#website"},"primaryImageOfPage":{"@id":"https:\/\/laroutedesgourmets.fr\/es\/excursiones-alrededor-de-paris\/visita-de-provins-ciudad-medieval\/#primaryimage"},"image":{"@id":"https:\/\/laroutedesgourmets.fr\/es\/excursiones-alrededor-de-paris\/visita-de-provins-ciudad-medieval\/#primaryimage"},"thumbnailUrl":"https:\/\/laroutedesgourmets.fr\/wp-content\/uploads\/2022\/05\/M1-Tour-Cesar-\u00a9-OT-Provins-JC-Jacquin.jpg","datePublished":"2022-05-03T15:04:22+00:00","dateModified":"2024-04-11T16:28:51+00:00","description":"Circuito gastron\u00f3mico ins\u00f3lito y privado en Provins: gourmet tour de lujo a medida sobre la historia de la gastronom\u00eda en Francia con gu\u00eda y transporte","breadcrumb":{"@id":"https:\/\/laroutedesgourmets.fr\/es\/excursiones-alrededor-de-paris\/visita-de-provins-ciudad-medieval\/#breadcrumb"},"inLanguage":"es","potentialAction":[{"@type":"ReadAction","target":["https:\/\/laroutedesgourmets.fr\/es\/excursiones-alrededor-de-paris\/visita-de-provins-ciudad-medieval\/"]}]},{"@type":"ImageObject","inLanguage":"es","@id":"https:\/\/laroutedesgourmets.fr\/es\/excursiones-alrededor-de-paris\/visita-de-provins-ciudad-medieval\/#primaryimage","url":"https:\/\/laroutedesgourmets.fr\/wp-content\/uploads\/2022\/05\/M1-Tour-Cesar-\u00a9-OT-Provins-JC-Jacquin.jpg","contentUrl":"https:\/\/laroutedesgourmets.fr\/wp-content\/uploads\/2022\/05\/M1-Tour-Cesar-\u00a9-OT-Provins-JC-Jacquin.jpg","width":1800,"height":1200},{"@type":"BreadcrumbList","@id":"https:\/\/laroutedesgourmets.fr\/es\/excursiones-alrededor-de-paris\/visita-de-provins-ciudad-medieval\/#breadcrumb","itemListElement":[{"@type":"ListItem","position":1,"name":"Visites gourmandes \u00e0 Paris","item":"https:\/\/laroutedesgourmets.fr\/visites-guidees\/"},{"@type":"ListItem","position":2,"name":"Visita de Provins ciudad medieval"}]},{"@type":"WebSite","@id":"https:\/\/laroutedesgourmets.fr\/#website","url":"https:\/\/laroutedesgourmets.fr\/","name":"La Route des Gourmets","description":"Agence de tourisme gastronomique","publisher":{"@id":"https:\/\/laroutedesgourmets.fr\/#organization"},"potentialAction":[{"@type":"SearchAction","target":{"@type":"EntryPoint","urlTemplate":"https:\/\/laroutedesgourmets.fr\/?s={search_term_string}"},"query-input":{"@type":"PropertyValueSpecification","valueRequired":true,"valueName":"search_term_string"}}],"inLanguage":"es"},{"@type":"Organization","@id":"https:\/\/laroutedesgourmets.fr\/#organization","name":"La Route des Gourmets","url":"https:\/\/laroutedesgourmets.fr\/","logo":{"@type":"ImageObject","inLanguage":"es","@id":"https:\/\/laroutedesgourmets.fr\/#\/schema\/logo\/image\/","url":"https:\/\/laroutedesgourmets.fr\/wp-content\/uploads\/2023\/12\/laroutedesgourmets-sigle-cadre-S-b.png","contentUrl":"https:\/\/laroutedesgourmets.fr\/wp-content\/uploads\/2023\/12\/laroutedesgourmets-sigle-cadre-S-b.png","width":445,"height":445,"caption":"La Route des Gourmets"},"image":{"@id":"https:\/\/laroutedesgourmets.fr\/#\/schema\/logo\/image\/"},"sameAs":["http:\/\/www.facebook.com\/laroutedesgourmets","https:\/\/x.com\/Routedesgourmet","https:\/\/www.instagram.com\/laroutedesgourmets"],"email":"infos@laroutedesgourmets.fr","telephone":"+33139473279"}]}},"_links":{"self":[{"href":"https:\/\/laroutedesgourmets.fr\/es\/wp-json\/wp\/v2\/product\/459","targetHints":{"allow":["GET"]}}],"collection":[{"href":"https:\/\/laroutedesgourmets.fr\/es\/wp-json\/wp\/v2\/product"}],"about":[{"href":"https:\/\/laroutedesgourmets.fr\/es\/wp-json\/wp\/v2\/types\/product"}],"wp:featuredmedia":[{"embeddable":true,"href":"https:\/\/laroutedesgourmets.fr\/es\/wp-json\/wp\/v2\/media\/8957"}],"wp:attachment":[{"href":"https:\/\/laroutedesgourmets.fr\/es\/wp-json\/wp\/v2\/media?parent=459"}],"wp:term":[{"taxonomy":"product_brand","embeddable":true,"href":"https:\/\/laroutedesgourmets.fr\/es\/wp-json\/wp\/v2\/product_brand?post=459"},{"taxonomy":"product_cat","embeddable":true,"href":"https:\/\/laroutedesgourmets.fr\/es\/wp-json\/wp\/v2\/product_cat?post=459"},{"taxonomy":"product_tag","embeddable":true,"href":"https:\/\/laroutedesgourmets.fr\/es\/wp-json\/wp\/v2\/product_tag?post=459"}],"curies":[{"name":"wp","href":"https:\/\/api.w.org\/{rel}","templated":true}]}}