{"id":807,"date":"2022-05-03T17:04:20","date_gmt":"2022-05-03T15:04:20","guid":{"rendered":"https:\/\/v3.laroutedesgourmets.fr\/?post_type=product&#038;p=807"},"modified":"2024-04-11T20:57:36","modified_gmt":"2024-04-11T18:57:36","slug":"visita-de-giverny-y-auvers-sur-oise","status":"publish","type":"product","link":"https:\/\/laroutedesgourmets.fr\/es\/excursiones-alrededor-de-paris\/visita-de-giverny-y-auvers-sur-oise\/","title":{"rendered":"Visita privada de Giverny y Auvers sur Oise"},"content":{"rendered":"<h2>Circuito guiado privado en Giverny y Auvers sur Oise desde Paris<\/h2>\n<p>Nuestra agencia especializada en turismo y gastronom\u00eda ha concebido un paseo \u00fanico que lo lleva a\u00a0 descubrir la ruta de los impresionistas y la gastronom\u00eda de su \u00e9poca.<\/p>\n<p>Nuestro gu\u00eda experto en historia y gastronom\u00eda los llevar\u00e1 a visitar los paisajes y pueblos inmortalizados en los lienzos de los pintores impresionistas y le har\u00e1 conocer las tradiciones gastron\u00f3micas de esta bella regi\u00f3n de Francia.<\/p>\n<p>Saliendo de Par\u00eds, nuestro tour recorre las orillas del Sena en Argenteuil -pueblo inmortalizado por Monet- y donde se daban cita los parisinos para realizar sus d\u00edas de campo.<\/p>\n<p>Nuestra\u00a0 primera parada se realiza en Auvers sur Oise donde visitaremos el Museo del Absinthe, y el Museo de Van Gogh en el famoso Albergue Ravoux\u00a0\u00faltima morada del artista.<\/p>\n<p>En opci\u00f3n: comida en el restaurante del albergue (Men\u00fa o a la carta)<\/p>\n<p>Nuestro recorrido contin\u00faa en direcci\u00f3n de Giverny donde realizaremos una visita guiada de la Casa de Monet y de sus famosos jardines donde usted podr\u00e1 admirar el estanque de nen\u00fafares que inspiraron las pinturas de los Nymph\u00e9as. Adem\u00e1s lo llevamos a descubrir la segunda pasi\u00f3n de Monet: la gastronom\u00eda.<\/p>\n<p>Regreso a Paris.<\/p>\n<h3>El valor agregado de este circuito VIP<\/h3>\n<ul>\n<li>Un paseo ins\u00f3lito que le permitir\u00e1 descubrir el patrimonio hist\u00f3rico y cultural franc\u00e9s y la gastronom\u00eda regional<\/li>\n<li>Una visita privada con un gu\u00eda biling\u00fce<\/li>\n<li>Un circuito organizado por un solo equipo que asegura la calidad y puntualidad del tour.<\/li>\n<li>Un servicio VIP y actividades a su medida para satisfacer todas sus expectativas (objetivo pedag\u00f3gico, tur\u00edstico o profesional)<\/li>\n<\/ul>\n<h3>El precio incluye<\/h3>\n<ul>\n<li>El paseo guiado por varios pueblos<\/li>\n<li>Las entradas en los 3 museos<\/li>\n<li>El gu\u00eda acompa\u00f1ante especialista de la alimentaci\u00f3n<\/li>\n<li>El transporte entre Paris y Giverny<\/li>\n<li>(La comida no est\u00e1 incluida)<\/li>\n<\/ul>\n<h3>Informaciones pr\u00e1cticas<\/h3>\n<ul>\n<li><strong>Duraci\u00f3n<\/strong>: 1 d\u00eda, de las 8.30 de la ma\u00f1ana a las 6 de la tarde aproximadamente<\/li>\n<li><strong>Disponibilidad<\/strong>: Todos los d\u00edas de Abril hasta Noviembre (cons\u00faltenos para conocer las disponibilidades <a href=\"mailto:infos@laroutedesgourmets.fr\">infos@laroutedesgourmets.fr<\/a>)<\/li>\n<li><strong>M\u00ednimo de participantes<\/strong>: 4 personas \u00a0(el tour podr\u00e1 ser realizado con menos participantes pero se aplicar\u00e1 la tarifa de 4 participantes)<\/li>\n<li><strong>P\u00fablico<\/strong>: circuito adaptado a particulares, estudiantes, y\/o profesionales,&#8230;<\/li>\n<li><strong>Idiomas del gu\u00eda<\/strong>: franc\u00e9s, espa\u00f1ol, ingl\u00e9s (cons\u00faltenos por otras idiomas)<\/li>\n<li><strong>Punto de encuentro<\/strong>: definido al momento de la reservaci\u00f3n<\/li>\n<li><strong>Tarifa de grupo<\/strong>: sobre solicitud previa a partir de 10 personas (cons\u00faltenos <a href=\"mailto:infos@laroutedesgourmets.fr\">infos@laroutedesgourmets.fr<\/a>)<\/li>\n<li><strong>Opcional<\/strong>: reservaci\u00f3n de un almuerzo \u201cgastronom\u00eda del siglo 19\u201d<\/li>\n<li><strong>Cup\u00f3n de regalo<\/strong>: Posibilidad de ofrecer esta visita en la forma de cupo de regalo: haga clic en el bot\u00f3n \u201cCOMPRAR SIN FECHA\u201d. Le enviaremos el cup\u00f3n de regalo por email o por correo en Francia (suplemento de 5 \u20ac). Este cup\u00f3n de regalo es v\u00e1lido por una duraci\u00f3n de 6 meses a partir de la fecha de compra.<\/li>\n<li><strong>Validez y condiciones de anulaci\u00f3n<\/strong>: Las \u00f3rdenes no se confirman hasta recepci\u00f3n del pago. El reembolso de la prestaci\u00f3n en caso de anulaci\u00f3n es total si la anulaci\u00f3n se realiza con 3 semanas de anticipaci\u00f3n a la fecha de la prestaci\u00f3n, de la mitad si la anulaci\u00f3n se realiza 2 semanas antes de la fecha de la prestaci\u00f3n, ning\u00fan rembolso se realizar\u00e1 a una semana de la prestaci\u00f3n.<\/li>\n<\/ul>\n","protected":false},"excerpt":{"rendered":"<p>Realice la ruta de los impresionistas y sus paisajes visite Giverny y la Casa de Monet, el museo Van Gogh y el Albergue Ravoux en Auvers sur Oise, mientras\u00a0descubre la gastronom\u00eda francesa en la \u00e9poca de los impresionistas. Salida de Par\u00eds<\/p>\n","protected":false},"featured_media":9132,"template":"","meta":{"inline_featured_image":false,"neve_meta_sidebar":"","neve_meta_container":"","neve_meta_enable_content_width":"off","neve_meta_content_width":100,"neve_meta_title_alignment":"","neve_meta_author_avatar":"","neve_post_elements_order":"","neve_meta_disable_header":"","neve_meta_disable_footer":"","neve_meta_disable_title":""},"product_brand":[],"product_cat":[1586],"product_tag":[],"class_list":{"0":"post-807","1":"product","2":"type-product","3":"status-publish","4":"has-post-thumbnail","6":"product_cat-excursiones-alrededor-de-paris","8":"first","9":"instock","10":"taxable","11":"shipping-taxable","12":"purchasable","13":"product-type-simple"},"yoast_head":"<!-- This site is optimized with the Yoast SEO Premium plugin v27.4 (Yoast SEO v27.4) - https:\/\/yoast.com\/product\/yoast-seo-premium-wordpress\/ -->\n<title>Circuito privado a Giverny y Auvers salida Par\u00eds y gourmet<\/title>\n<meta name=\"description\" content=\"Circuito privado a Giverny y Auvers sur Oise con salida de Par\u00eds, paseo ins\u00f3lito sobre los impresionistas y la gastronom\u00eda francesa\" \/>\n<meta name=\"robots\" content=\"index, follow, max-snippet:-1, max-image-preview:large, max-video-preview:-1\" \/>\n<link rel=\"canonical\" href=\"https:\/\/laroutedesgourmets.fr\/excursions-gourmandes-autour-de-paris\/circuit-gourmand-giverny-auvers\/\" \/>\n<meta property=\"og:locale\" content=\"es_ES\" \/>\n<meta property=\"og:type\" content=\"article\" \/>\n<meta property=\"og:title\" content=\"Circuito privado a Giverny y Auvers salida Par\u00eds y gourmet\" \/>\n<meta property=\"og:description\" content=\"Circuito privado a Giverny y Auvers sur Oise con salida de Par\u00eds, paseo ins\u00f3lito sobre los impresionistas y la gastronom\u00eda francesa\" \/>\n<meta property=\"og:url\" content=\"https:\/\/laroutedesgourmets.fr\/excursions-gourmandes-autour-de-paris\/circuit-gourmand-giverny-auvers\/\" \/>\n<meta property=\"og:site_name\" content=\"La Route des Gourmets\" \/>\n<meta property=\"article:publisher\" content=\"http:\/\/www.facebook.com\/laroutedesgourmets\" \/>\n<meta property=\"article:modified_time\" content=\"2024-04-11T18:57:36+00:00\" \/>\n<meta property=\"og:image\" content=\"https:\/\/laroutedesgourmets.fr\/wp-content\/uploads\/2022\/05\/20170325_173416-scaled.jpg\" \/>\n\t<meta property=\"og:image:width\" content=\"2560\" \/>\n\t<meta property=\"og:image:height\" content=\"1920\" \/>\n\t<meta property=\"og:image:type\" content=\"image\/jpeg\" \/>\n<meta name=\"twitter:card\" content=\"summary_large_image\" \/>\n<meta name=\"twitter:site\" content=\"@Routedesgourmet\" \/>\n<meta name=\"twitter:label1\" content=\"Tiempo de lectura\" \/>\n\t<meta name=\"twitter:data1\" content=\"6 minutos\" \/>\n<script type=\"application\/ld+json\" class=\"yoast-schema-graph\">{\"@context\":\"https:\\\/\\\/schema.org\",\"@graph\":[{\"@type\":\"WebPage\",\"@id\":\"https:\\\/\\\/laroutedesgourmets.fr\\\/excursions-gourmandes-autour-de-paris\\\/circuit-gourmand-giverny-auvers\\\/\",\"url\":\"https:\\\/\\\/laroutedesgourmets.fr\\\/excursions-gourmandes-autour-de-paris\\\/circuit-gourmand-giverny-auvers\\\/\",\"name\":\"Circuito privado a Giverny y Auvers salida Par\u00eds y gourmet\",\"isPartOf\":{\"@id\":\"https:\\\/\\\/laroutedesgourmets.fr\\\/#website\"},\"primaryImageOfPage\":{\"@id\":\"https:\\\/\\\/laroutedesgourmets.fr\\\/excursions-gourmandes-autour-de-paris\\\/circuit-gourmand-giverny-auvers\\\/#primaryimage\"},\"image\":{\"@id\":\"https:\\\/\\\/laroutedesgourmets.fr\\\/excursions-gourmandes-autour-de-paris\\\/circuit-gourmand-giverny-auvers\\\/#primaryimage\"},\"thumbnailUrl\":\"https:\\\/\\\/laroutedesgourmets.fr\\\/wp-content\\\/uploads\\\/2022\\\/05\\\/20170325_173416-scaled.jpg\",\"datePublished\":\"2022-05-03T15:04:20+00:00\",\"dateModified\":\"2024-04-11T18:57:36+00:00\",\"description\":\"Circuito privado a Giverny y Auvers sur Oise con salida de Par\u00eds, paseo ins\u00f3lito sobre los impresionistas y la gastronom\u00eda francesa\",\"breadcrumb\":{\"@id\":\"https:\\\/\\\/laroutedesgourmets.fr\\\/excursions-gourmandes-autour-de-paris\\\/circuit-gourmand-giverny-auvers\\\/#breadcrumb\"},\"inLanguage\":\"es\",\"potentialAction\":[{\"@type\":\"ReadAction\",\"target\":[\"https:\\\/\\\/laroutedesgourmets.fr\\\/excursions-gourmandes-autour-de-paris\\\/circuit-gourmand-giverny-auvers\\\/\"]}]},{\"@type\":\"ImageObject\",\"inLanguage\":\"es\",\"@id\":\"https:\\\/\\\/laroutedesgourmets.fr\\\/excursions-gourmandes-autour-de-paris\\\/circuit-gourmand-giverny-auvers\\\/#primaryimage\",\"url\":\"https:\\\/\\\/laroutedesgourmets.fr\\\/wp-content\\\/uploads\\\/2022\\\/05\\\/20170325_173416-scaled.jpg\",\"contentUrl\":\"https:\\\/\\\/laroutedesgourmets.fr\\\/wp-content\\\/uploads\\\/2022\\\/05\\\/20170325_173416-scaled.jpg\",\"width\":2560,\"height\":1920,\"caption\":\"\u00f8;\"},{\"@type\":\"BreadcrumbList\",\"@id\":\"https:\\\/\\\/laroutedesgourmets.fr\\\/excursions-gourmandes-autour-de-paris\\\/circuit-gourmand-giverny-auvers\\\/#breadcrumb\",\"itemListElement\":[{\"@type\":\"ListItem\",\"position\":1,\"name\":\"Visites gourmandes \u00e0 Paris\",\"item\":\"https:\\\/\\\/laroutedesgourmets.fr\\\/visites-guidees\\\/\"},{\"@type\":\"ListItem\",\"position\":2,\"name\":\"Visita privada de Giverny y Auvers sur Oise\"}]},{\"@type\":\"WebSite\",\"@id\":\"https:\\\/\\\/laroutedesgourmets.fr\\\/#website\",\"url\":\"https:\\\/\\\/laroutedesgourmets.fr\\\/\",\"name\":\"La Route des Gourmets\",\"description\":\"Agence de tourisme gastronomique\",\"publisher\":{\"@id\":\"https:\\\/\\\/laroutedesgourmets.fr\\\/#organization\"},\"potentialAction\":[{\"@type\":\"SearchAction\",\"target\":{\"@type\":\"EntryPoint\",\"urlTemplate\":\"https:\\\/\\\/laroutedesgourmets.fr\\\/?s={search_term_string}\"},\"query-input\":{\"@type\":\"PropertyValueSpecification\",\"valueRequired\":true,\"valueName\":\"search_term_string\"}}],\"inLanguage\":\"es\"},{\"@type\":\"Organization\",\"@id\":\"https:\\\/\\\/laroutedesgourmets.fr\\\/#organization\",\"name\":\"La Route des Gourmets\",\"url\":\"https:\\\/\\\/laroutedesgourmets.fr\\\/\",\"logo\":{\"@type\":\"ImageObject\",\"inLanguage\":\"es\",\"@id\":\"https:\\\/\\\/laroutedesgourmets.fr\\\/#\\\/schema\\\/logo\\\/image\\\/\",\"url\":\"https:\\\/\\\/laroutedesgourmets.fr\\\/wp-content\\\/uploads\\\/2023\\\/12\\\/laroutedesgourmets-sigle-cadre-S-b.png\",\"contentUrl\":\"https:\\\/\\\/laroutedesgourmets.fr\\\/wp-content\\\/uploads\\\/2023\\\/12\\\/laroutedesgourmets-sigle-cadre-S-b.png\",\"width\":445,\"height\":445,\"caption\":\"La Route des Gourmets\"},\"image\":{\"@id\":\"https:\\\/\\\/laroutedesgourmets.fr\\\/#\\\/schema\\\/logo\\\/image\\\/\"},\"sameAs\":[\"http:\\\/\\\/www.facebook.com\\\/laroutedesgourmets\",\"https:\\\/\\\/x.com\\\/Routedesgourmet\",\"https:\\\/\\\/www.instagram.com\\\/laroutedesgourmets\"],\"email\":\"infos@laroutedesgourmets.fr\",\"telephone\":\"+33139473279\"}]}<\/script>\n<!-- \/ Yoast SEO Premium plugin. -->","yoast_head_json":{"title":"Circuito privado a Giverny y Auvers salida Par\u00eds y gourmet","description":"Circuito privado a Giverny y Auvers sur Oise con salida de Par\u00eds, paseo ins\u00f3lito sobre los impresionistas y la gastronom\u00eda francesa","robots":{"index":"index","follow":"follow","max-snippet":"max-snippet:-1","max-image-preview":"max-image-preview:large","max-video-preview":"max-video-preview:-1"},"canonical":"https:\/\/laroutedesgourmets.fr\/excursions-gourmandes-autour-de-paris\/circuit-gourmand-giverny-auvers\/","og_locale":"es_ES","og_type":"article","og_title":"Circuito privado a Giverny y Auvers salida Par\u00eds y gourmet","og_description":"Circuito privado a Giverny y Auvers sur Oise con salida de Par\u00eds, paseo ins\u00f3lito sobre los impresionistas y la gastronom\u00eda francesa","og_url":"https:\/\/laroutedesgourmets.fr\/excursions-gourmandes-autour-de-paris\/circuit-gourmand-giverny-auvers\/","og_site_name":"La Route des Gourmets","article_publisher":"http:\/\/www.facebook.com\/laroutedesgourmets","article_modified_time":"2024-04-11T18:57:36+00:00","og_image":[{"width":2560,"height":1920,"url":"https:\/\/laroutedesgourmets.fr\/wp-content\/uploads\/2022\/05\/20170325_173416-scaled.jpg","type":"image\/jpeg"}],"twitter_card":"summary_large_image","twitter_site":"@Routedesgourmet","twitter_misc":{"Tiempo de lectura":"6 minutos"},"schema":{"@context":"https:\/\/schema.org","@graph":[{"@type":"WebPage","@id":"https:\/\/laroutedesgourmets.fr\/excursions-gourmandes-autour-de-paris\/circuit-gourmand-giverny-auvers\/","url":"https:\/\/laroutedesgourmets.fr\/excursions-gourmandes-autour-de-paris\/circuit-gourmand-giverny-auvers\/","name":"Circuito privado a Giverny y Auvers salida Par\u00eds y gourmet","isPartOf":{"@id":"https:\/\/laroutedesgourmets.fr\/#website"},"primaryImageOfPage":{"@id":"https:\/\/laroutedesgourmets.fr\/excursions-gourmandes-autour-de-paris\/circuit-gourmand-giverny-auvers\/#primaryimage"},"image":{"@id":"https:\/\/laroutedesgourmets.fr\/excursions-gourmandes-autour-de-paris\/circuit-gourmand-giverny-auvers\/#primaryimage"},"thumbnailUrl":"https:\/\/laroutedesgourmets.fr\/wp-content\/uploads\/2022\/05\/20170325_173416-scaled.jpg","datePublished":"2022-05-03T15:04:20+00:00","dateModified":"2024-04-11T18:57:36+00:00","description":"Circuito privado a Giverny y Auvers sur Oise con salida de Par\u00eds, paseo ins\u00f3lito sobre los impresionistas y la gastronom\u00eda francesa","breadcrumb":{"@id":"https:\/\/laroutedesgourmets.fr\/excursions-gourmandes-autour-de-paris\/circuit-gourmand-giverny-auvers\/#breadcrumb"},"inLanguage":"es","potentialAction":[{"@type":"ReadAction","target":["https:\/\/laroutedesgourmets.fr\/excursions-gourmandes-autour-de-paris\/circuit-gourmand-giverny-auvers\/"]}]},{"@type":"ImageObject","inLanguage":"es","@id":"https:\/\/laroutedesgourmets.fr\/excursions-gourmandes-autour-de-paris\/circuit-gourmand-giverny-auvers\/#primaryimage","url":"https:\/\/laroutedesgourmets.fr\/wp-content\/uploads\/2022\/05\/20170325_173416-scaled.jpg","contentUrl":"https:\/\/laroutedesgourmets.fr\/wp-content\/uploads\/2022\/05\/20170325_173416-scaled.jpg","width":2560,"height":1920,"caption":"\u00f8;"},{"@type":"BreadcrumbList","@id":"https:\/\/laroutedesgourmets.fr\/excursions-gourmandes-autour-de-paris\/circuit-gourmand-giverny-auvers\/#breadcrumb","itemListElement":[{"@type":"ListItem","position":1,"name":"Visites gourmandes \u00e0 Paris","item":"https:\/\/laroutedesgourmets.fr\/visites-guidees\/"},{"@type":"ListItem","position":2,"name":"Visita privada de Giverny y Auvers sur Oise"}]},{"@type":"WebSite","@id":"https:\/\/laroutedesgourmets.fr\/#website","url":"https:\/\/laroutedesgourmets.fr\/","name":"La Route des Gourmets","description":"Agence de tourisme gastronomique","publisher":{"@id":"https:\/\/laroutedesgourmets.fr\/#organization"},"potentialAction":[{"@type":"SearchAction","target":{"@type":"EntryPoint","urlTemplate":"https:\/\/laroutedesgourmets.fr\/?s={search_term_string}"},"query-input":{"@type":"PropertyValueSpecification","valueRequired":true,"valueName":"search_term_string"}}],"inLanguage":"es"},{"@type":"Organization","@id":"https:\/\/laroutedesgourmets.fr\/#organization","name":"La Route des Gourmets","url":"https:\/\/laroutedesgourmets.fr\/","logo":{"@type":"ImageObject","inLanguage":"es","@id":"https:\/\/laroutedesgourmets.fr\/#\/schema\/logo\/image\/","url":"https:\/\/laroutedesgourmets.fr\/wp-content\/uploads\/2023\/12\/laroutedesgourmets-sigle-cadre-S-b.png","contentUrl":"https:\/\/laroutedesgourmets.fr\/wp-content\/uploads\/2023\/12\/laroutedesgourmets-sigle-cadre-S-b.png","width":445,"height":445,"caption":"La Route des Gourmets"},"image":{"@id":"https:\/\/laroutedesgourmets.fr\/#\/schema\/logo\/image\/"},"sameAs":["http:\/\/www.facebook.com\/laroutedesgourmets","https:\/\/x.com\/Routedesgourmet","https:\/\/www.instagram.com\/laroutedesgourmets"],"email":"infos@laroutedesgourmets.fr","telephone":"+33139473279"}]}},"_links":{"self":[{"href":"https:\/\/laroutedesgourmets.fr\/es\/wp-json\/wp\/v2\/product\/807","targetHints":{"allow":["GET"]}}],"collection":[{"href":"https:\/\/laroutedesgourmets.fr\/es\/wp-json\/wp\/v2\/product"}],"about":[{"href":"https:\/\/laroutedesgourmets.fr\/es\/wp-json\/wp\/v2\/types\/product"}],"wp:featuredmedia":[{"embeddable":true,"href":"https:\/\/laroutedesgourmets.fr\/es\/wp-json\/wp\/v2\/media\/9132"}],"wp:attachment":[{"href":"https:\/\/laroutedesgourmets.fr\/es\/wp-json\/wp\/v2\/media?parent=807"}],"wp:term":[{"taxonomy":"product_brand","embeddable":true,"href":"https:\/\/laroutedesgourmets.fr\/es\/wp-json\/wp\/v2\/product_brand?post=807"},{"taxonomy":"product_cat","embeddable":true,"href":"https:\/\/laroutedesgourmets.fr\/es\/wp-json\/wp\/v2\/product_cat?post=807"},{"taxonomy":"product_tag","embeddable":true,"href":"https:\/\/laroutedesgourmets.fr\/es\/wp-json\/wp\/v2\/product_tag?post=807"}],"curies":[{"name":"wp","href":"https:\/\/api.w.org\/{rel}","templated":true}]}}